{"id":1408,"date":"2023-03-02T21:04:29","date_gmt":"2023-03-02T20:04:29","guid":{"rendered":"https:\/\/recto-vrso.com\/infos-pratiques\/"},"modified":"2023-11-20T14:06:56","modified_gmt":"2023-11-20T13:06:56","slug":"infos-pratiques","status":"publish","type":"page","link":"https:\/\/recto-vrso.com\/en\/infos-pratiques\/","title":{"rendered":"Infos pratiques"},"content":{"rendered":"\n<section class=\"banner alignfull \" style=\"background-image: url(https:\/\/recto-vrso.com\/wp-content\/uploads\/2023\/03\/Laval-\u00a9Lezbroz-Teddy-Verneuil-64-1920x960-1.jpeg)\">>\n        <div class=\"container\">\n        <div class=\"content\">\n            <h1>\n                Informations pratiques            <\/h1>\n                        <p>\n                Comment venir ? O\u00f9 se restaurer sur le festival ? Retrouvez toutes les informations n\u00e9cessaires pour faciliter votre venue \u00e0 recto VRso.             <\/p>\n                            <a href=\"https:\/\/laval.digifactory.fr\/billetterie\/laval-virtual-2023-evenement-grand-public\" target=\"\" class=\"btn btn--gradient\">\n                    R\u00e9servez votre pass                <\/a>\n                                <\/div>\n    <\/div>\n<\/section>\n<div style=\"height:50px\" aria-hidden=\"true\" class=\"wp-block-spacer\"><\/div>\n\n<div class=\"wp-block-columns alignwide are-vertically-aligned-center is-layout-flex wp-container-core-columns-is-layout-1 wp-block-columns-is-layout-flex\">\n<div class=\"wp-block-column is-vertically-aligned-center is-layout-flow wp-block-column-is-layout-flow\">\n<h2 class=\"has-gradient-1-gradient-background has-background wp-block-heading\">Comment se rendre au festival Recto VRso ?<\/h2>\n\n\n\n<p>La 6e \u00e9dition du festival d&#8217;art num\u00e9rique Recto VRso se d\u00e9roulera \u00e0 l&#8217;<strong>Espace Mayenne<\/strong> et au <strong>Quarante<\/strong>, situ\u00e9s \u00e0 <strong>Laval (France)<\/strong> comme indiqu\u00e9s sur la carte ci-contre. Plusieurs moyens de transports vous permettront de vous rendre sur les lieux.<\/p>\n\n\n\n<p>Des <strong>navettes<\/strong> <strong>gratuites <\/strong>seront mises \u00e0 votre disposition sur toute la dur\u00e9e du salon. Vous pouvez \u00e9galement vous y rendre par exemple en <strong>train<\/strong>, <strong>avion<\/strong> ou en <strong>voiture<\/strong>. Plus de d\u00e9tails ci-dessous.<\/p>\n\n\n\n<p>To get to the exhibition, follow the road signs to Espace Mayenne:<\/p>\n\n\n\n<figure class=\"wp-block-image aligncenter size-full is-resized has-custom-border\"><img loading=\"lazy\" decoding=\"async\" src=\"https:\/\/laval-virtual.com\/wp-content\/uploads\/2023\/03\/logo-espace-mayenne-bleu-1.png\" alt=\"\" class=\"wp-image-8593\" style=\"border-style:none;border-width:0px\" width=\"79\" height=\"57\"\/><\/figure>\n<\/div>\n\n\n\n<div class=\"wp-block-column is-vertically-aligned-center is-layout-flow wp-block-column-is-layout-flow\">\n<iframe src=\"https:\/\/www.google.com\/maps\/embed?pb=!1m18!1m12!1m3!1d2665.463350965306!2d-0.7966345086130071!3d48.08200059707536!2m3!1f0!2f0!3f0!3m2!1i1024!2i768!4f13.1!3m3!1m2!1s0x480901e93c81b3a7%3A0x232ea85892ff4096!2s%C3%89v%C3%A9nement%20Laval%20Virtual%202023!5e0!3m2!1sfr!2sfr!4v1675699629003!5m2!1sfr!2sfr\" width=\"650\" height=\"335\" style=\"border:0;\" allowfullscreen=\"\" loading=\"lazy\" referrerpolicy=\"no-referrer-when-downgrade\"><\/iframe>\n<\/div>\n<\/div>\n\n<div style=\"height:25px\" aria-hidden=\"true\" class=\"wp-block-spacer\"><\/div>\n\n<hr class=\"wp-block-separator has-alpha-channel-opacity\"\/>\n\n<div style=\"height:25px\" aria-hidden=\"true\" class=\"wp-block-spacer\"><\/div>\n\n<div style=\"height:0px\" aria-hidden=\"true\" class=\"wp-block-spacer\"><\/div>\n\n<div class=\"wp-block-columns alignwide is-layout-flex wp-container-core-columns-is-layout-2 wp-block-columns-is-layout-flex\">\n<div class=\"wp-block-column is-layout-flow wp-block-column-is-layout-flow\">\n<h4 class=\"has-gradient-1-gradient-background has-background wp-block-heading\">Car<\/h4>\n\n\n\n<h5 class=\"wp-block-heading\">Parking<\/h5>\n\n\n\n<p>L&#8217;Espace Mayenne dispose d&#8217;un <a href=\"https:\/\/www.espace-mayenne.fr\/espace-infos-pratiques\/comment-venir-a-lespace-mayenne\/\" target=\"_blank\" rel=\"noreferrer noopener\">parking<\/a> de 675 places. Essayez au maximum de privil\u00e9gier le covoiturage pour plus de facilit\u00e9s et dans un souci \u00e9co-responsable ! Le Quarante situ\u00e9 en centre-ville, est accessible par parkings payants ou en bus.<br\/><br\/>\u2022De Paris : 2h30 (A81)<br\/>\u2022De Rennes, Angers, Le Mans : 1h<br\/>\u2022De Nantes : 2h00<\/p>\n\n\n\n<div class=\"wp-block-buttons is-layout-flex wp-block-buttons-is-layout-flex\">\n<div class=\"wp-block-button is-style-outline is-style-outline--1\"><a class=\"wp-block-button__link wp-element-button\" href=\"https:\/\/www.espace-mayenne.fr\/wp-content\/uploads\/2021\/12\/Plan-dacces-Espace-Mayenne-2022.jpg\" target=\"_blank\" rel=\"noreferrer noopener\">Plan d&#8217;acc\u00e8s<\/a><\/div>\n<\/div>\n<\/div>\n\n\n\n<div class=\"wp-block-column is-layout-flow wp-block-column-is-layout-flow\">\n<h4 class=\"has-gradient-1-gradient-background has-background wp-block-heading\">En train<\/h4>\n\n\n\n<h5 class=\"wp-block-heading\">Gare de laval<\/h5>\n\n\n\n<p>\u2022De Paris-Montparnasse : 1h10<br\/>\u2022De Paris-CDG : 2h30<br\/>\u2022De Lille : 3h45<br\/>\u2022De Londres : 4h30<br\/>\u2022De Bruxelles : 5h15<br\/><br\/>Une fois arriv\u00e9s \u00e0 la Gare de Laval, vous pourrez prendre un taxi, un bus ou une navette mise \u00e0 disposition des visiteurs durant l&#8217;\u00e9v\u00e9nement.<\/p>\n\n\n\n<div class=\"wp-block-buttons is-layout-flex wp-block-buttons-is-layout-flex\">\n<div class=\"wp-block-button is-style-outline is-style-outline--2\"><a class=\"wp-block-button__link wp-element-button\" href=\"https:\/\/www.sncf-connect.com\/\" target=\"_blank\" rel=\"noreferrer noopener\">R\u00e9servez<\/a><\/div>\n<\/div>\n<\/div>\n\n\n\n<div class=\"wp-block-column is-layout-flow wp-block-column-is-layout-flow\">\n<h4 class=\"has-gradient-1-gradient-background has-background wp-block-heading\">En navette<\/h4>\n\n\n\n<h5 class=\"wp-block-heading\">GRATUIT<\/h5>\n\n\n\n<p>Laval Virtual met <strong>\u00e0 disposition de tous les visiteurs <\/strong>des<strong> navettes<\/strong> <strong>gratuites<\/strong>. Vous pourrez en b\u00e9n\u00e9ficier sur toute la dur\u00e9e du salon professionnel (du 12 au 14 avril). <\/p>\n\n\n\n<p>\u20224 trajets seront propos\u00e9s : Gare SNCF \u2194 Espace Mayenne \/ H\u00f4tels \u2194 <a href=\"https:\/\/goo.gl\/maps\/hoEs4oafQJGeARiW6\" target=\"_blank\" rel=\"noreferrer noopener\">LVC<\/a> \/ Espace Mayenne \u2194 Le 40 \/ Le 40 \u2194 Gare<\/p>\n\n\n\n<div class=\"wp-block-buttons is-layout-flex wp-block-buttons-is-layout-flex\">\n<div class=\"wp-block-button is-style-outline is-style-outline--3\"><a class=\"wp-block-button__link wp-element-button\" href=\"https:\/\/laval-virtual.com\/wp-content\/uploads\/2023\/03\/PLANNING-NAVETTESSHUTTLES.png\" target=\"_blank\" rel=\"noreferrer noopener\">Trajets et horaires<\/a><\/div>\n<\/div>\n<\/div>\n<\/div>\n\n<div style=\"height:25px\" aria-hidden=\"true\" class=\"wp-block-spacer\"><\/div>\n\n<div class=\"wp-block-media-text alignwide is-vertically-aligned-top is-image-fill is-style-lv-media-text-radius\" style=\"grid-template-columns:40% auto\"><figure class=\"wp-block-media-text__media\" style=\"background-image:url(https:\/\/grandpublic.laval-virtual.com\/wp-content\/uploads\/sites\/3\/2023\/03\/2021-03-23.png);background-position:17% 65%\"><img decoding=\"async\" src=\"https:\/\/grandpublic.laval-virtual.com\/wp-content\/uploads\/sites\/3\/2023\/03\/2021-03-23.png\" alt=\"\" class=\"wp-image-463 size-large\"\/><\/figure><div class=\"wp-block-media-text__content\">\n<h6 class=\"wp-block-heading\">Partenaire de LAVAL VIRTUAL<\/h6>\n\n\n\n<h4 class=\"wp-block-heading\">TUL &#8211; Transports Urbains Lavallois<\/h4>\n\n\n\n<p>Les <a href=\"https:\/\/www.tul-laval.com\/\" target=\"_blank\" rel=\"noreferrer noopener\">TUL<\/a> sont le r\u00e9seau de transports en commun de l&#8217;agglom\u00e9ration de Laval. <\/p>\n\n\n\n<p>Sous pr\u00e9sentation d&#8217;un titre de transport utilis\u00e9 durant le salon (ou d&#8217;une carte d&#8217;abonnement), les visiteurs pourront b\u00e9n\u00e9ficier d&#8217;une <strong>r\u00e9duction sur leur pass<\/strong> <strong>d&#8217;entr\u00e9e<\/strong> au salon Laval Virtual ! Profitez d&#8217;un <em>Plein Tarif<\/em> passant de 7\u20ac \u00e0 4,90\u20ac ou d&#8217;un <em>Tarif R\u00e9duit<\/em> passant de 5\u20ac \u00e0 3,50\u20ac. <\/p>\n\n\n\n<p><em>T\u00e9l\u00e9chargez l&#8217;application sur <a href=\"https:\/\/play.google.com\/store\/apps\/details?id=fr.tul.adm&amp;hl=fr&amp;gl=US&amp;pli=1\" target=\"_blank\" rel=\"noreferrer noopener\">Google Play<\/a> ou sur <a href=\"https:\/\/apps.apple.com\/fr\/app\/tul-laval\/id1069887708\" target=\"_blank\" rel=\"noreferrer noopener\">Apple Store<\/a>.<\/em><\/p>\n<\/div><\/div>\n\n<div style=\"height:25px\" aria-hidden=\"true\" class=\"wp-block-spacer\"><\/div>\n\n<div class=\"wp-block-media-text alignwide has-media-on-the-right is-vertically-aligned-top is-image-fill is-style-lv-media-text-radius\" style=\"grid-template-columns:auto 40%\"><div class=\"wp-block-media-text__content\">\n<h6 class=\"wp-block-heading\">Partenaire de LAVAL VIRTUAL<\/h6>\n\n\n\n<h4 class=\"wp-block-heading\">SNCF<\/h4>\n\n\n\n<p>La vocation de <a href=\"https:\/\/www.sncf-connect.com\/\" target=\"_blank\" rel=\"noreferrer noopener\">SNCF<\/a> ? Simplifier vos d\u00e9placements, fluidifier le transport des personnes et des marchandises, et d\u00e9velopper la mobilit\u00e9 de demain.<\/p>\n\n\n\n<p>N&#8217;h\u00e9sitez pas \u00e0 vous rendre au Laval Virtual en train !<\/p>\n<\/div><figure class=\"wp-block-media-text__media\" style=\"background-image:url(https:\/\/grandpublic.laval-virtual.com\/wp-content\/uploads\/sites\/3\/2023\/03\/Gare_Laval-1.png);background-position:50% 50%\"><img decoding=\"async\" src=\"https:\/\/grandpublic.laval-virtual.com\/wp-content\/uploads\/sites\/3\/2023\/03\/Gare_Laval-1.png\" alt=\"\" class=\"wp-image-459 size-large\"\/><\/figure><\/div>\n\n<div style=\"height:25px\" aria-hidden=\"true\" class=\"wp-block-spacer\"><\/div>\n\n<hr class=\"wp-block-separator has-alpha-channel-opacity\"\/>\n\n<div style=\"height:25px\" aria-hidden=\"true\" class=\"wp-block-spacer\"><\/div>\n\n<div class=\"wp-block-columns is-layout-flex wp-container-core-columns-is-layout-3 wp-block-columns-is-layout-flex\">\n<div class=\"wp-block-column is-layout-flow wp-block-column-is-layout-flow\">\n<figure class=\"wp-block-image size-full is-style-default\"><img decoding=\"async\" src=\"http:\/\/grandpublic.laval-virtual.com\/wp-content\/uploads\/sites\/3\/2023\/02\/52044679019_f52db66886_c.jpg\" alt=\"\" class=\"wp-image-410\"\/><\/figure>\n<\/div>\n\n\n\n<div class=\"wp-block-column is-layout-flow wp-block-column-is-layout-flow\">\n<h2 class=\"has-black-background-color has-background wp-block-heading\">Se restaurer sur place<\/h2>\n\n\n\n<p>Durant l&#8217;\u00e9v\u00e9nement, vous aurez la possibilit\u00e9 de d\u00e9jeuner sur le salon Laval Virtual. En effet, plusieurs possibilit\u00e9s avec la mise \u00e0 disposition de <strong>food-trucks<\/strong> (repas chauds au Village, \u00e0 c\u00f4t\u00e9 du Hall C) :<\/p>\n\n\n\n<p>\u2022 La BaraK (burger, frites, wraps, nuggets)<br\/>\u2022 La Canchan Pasta (pasta box &#8220;cuisin\u00e9e maison&#8221;)<br\/>\u2022 Le Tortillon Brioch\u00e9 (p\u00e2te brioch\u00e9e enroul\u00e9e et garnie, sal\u00e9e ou sucr\u00e9e)<br\/>\u2022 Le 137 (cuisine du monde)<\/p>\n\n\n\n<div class=\"wp-block-buttons is-layout-flex wp-block-buttons-is-layout-flex\"><\/div>\n<\/div>\n<\/div>\n\n<div style=\"height:25px\" aria-hidden=\"true\" class=\"wp-block-spacer\"><\/div>\n\n<div class=\"wp-block-cover alignwide is-light\" style=\"padding-top:var(--wp--preset--spacing--50);padding-right:var(--wp--preset--spacing--50);padding-bottom:var(--wp--preset--spacing--50);padding-left:var(--wp--preset--spacing--50)\"><span aria-hidden=\"true\" class=\"wp-block-cover__background has-background-dim-70 has-background-dim\" style=\"background-color:#f2afc1\"><\/span><img decoding=\"async\" class=\"wp-block-cover__image-background wp-image-4103\" alt=\"\" src=\"https:\/\/laval-virtual.com\/wp-content\/uploads\/2023\/02\/Laval-\u00a9Lezbroz-Teddy-Verneuil-64-1920x960-1.jpeg\" style=\"object-position:22% 13%\" data-object-fit=\"cover\" data-object-position=\"22% 13%\"\/><div class=\"wp-block-cover__inner-container is-layout-flow wp-block-cover-is-layout-flow\">\n<h2 class=\"has-text-align-center has-white-color has-text-color has-x-large-font-size wp-block-heading\">R\u00e9servez votre pass d\u00e8s maintenant !<\/h2>\n\n\n\n<div class=\"wp-block-buttons is-content-justification-center is-layout-flex wp-container-core-buttons-is-layout-5 wp-block-buttons-is-layout-flex\">\n<div class=\"wp-block-button\"><a class=\"wp-block-button__link has-gradient-1-gradient-background has-background wp-element-button\" href=\"https:\/\/laval.digifactory.fr\/billetterie\/laval-virtual-2023-evenement-grand-public\">JE VEUX MON PASS<\/a><\/div>\n<\/div>\n<\/div><\/div>\n\n<div style=\"height:25px\" aria-hidden=\"true\" class=\"wp-block-spacer\"><\/div>\n","protected":false},"excerpt":{"rendered":"<p>Comment se rendre au festival Recto VRso ? La 6e \u00e9dition du festival d&#8217;art num\u00e9rique Recto VRso se d\u00e9roulera \u00e0 l&#8217;Espace Mayenne et au Quarante, situ\u00e9s \u00e0 Laval (France) comme [&hellip;]<\/p>\n","protected":false},"author":2,"featured_media":0,"parent":0,"menu_order":0,"comment_status":"closed","ping_status":"closed","template":"","meta":{"_acf_changed":false,"content-type":"","footnotes":""},"class_list":["post-1408","page","type-page","status-publish","hentry"],"acf":[],"yoast_head":"<!-- This site is optimized with the Yoast SEO plugin v26.8 - https:\/\/yoast.com\/product\/yoast-seo-wordpress\/ -->\n<title>Infos pratiques - Recto VRso<\/title>\n<meta name=\"robots\" content=\"index, follow, max-snippet:-1, max-image-preview:large, max-video-preview:-1\" \/>\n<link rel=\"canonical\" href=\"https:\/\/recto-vrso.com\/en\/infos-pratiques\/\" \/>\n<meta property=\"og:locale\" content=\"en_US\" \/>\n<meta property=\"og:type\" content=\"article\" \/>\n<meta property=\"og:title\" content=\"Infos pratiques - Recto VRso\" \/>\n<meta property=\"og:description\" content=\"Comment se rendre au festival Recto VRso ? La 6e \u00e9dition du festival d&#8217;art num\u00e9rique Recto VRso se d\u00e9roulera \u00e0 l&#8217;Espace Mayenne et au Quarante, situ\u00e9s \u00e0 Laval (France) comme [&hellip;]\" \/>\n<meta property=\"og:url\" content=\"https:\/\/recto-vrso.com\/en\/infos-pratiques\/\" \/>\n<meta property=\"og:site_name\" content=\"Recto VRso\" \/>\n<meta property=\"article:modified_time\" content=\"2023-11-20T13:06:56+00:00\" \/>\n<meta property=\"og:image\" content=\"https:\/\/laval-virtual.com\/wp-content\/uploads\/2023\/03\/logo-espace-mayenne-bleu-1.png\" \/>\n<meta name=\"twitter:card\" content=\"summary_large_image\" \/>\n<meta name=\"twitter:label1\" content=\"Est. reading time\" \/>\n\t<meta name=\"twitter:data1\" content=\"3 minutes\" \/>\n<script type=\"application\/ld+json\" class=\"yoast-schema-graph\">{\"@context\":\"https:\/\/schema.org\",\"@graph\":[{\"@type\":\"WebPage\",\"@id\":\"https:\/\/recto-vrso.com\/en\/infos-pratiques\/\",\"url\":\"https:\/\/recto-vrso.com\/en\/infos-pratiques\/\",\"name\":\"Infos pratiques - Recto VRso\",\"isPartOf\":{\"@id\":\"https:\/\/recto-vrso.com\/#website\"},\"primaryImageOfPage\":{\"@id\":\"https:\/\/recto-vrso.com\/en\/infos-pratiques\/#primaryimage\"},\"image\":{\"@id\":\"https:\/\/recto-vrso.com\/en\/infos-pratiques\/#primaryimage\"},\"thumbnailUrl\":\"https:\/\/laval-virtual.com\/wp-content\/uploads\/2023\/03\/logo-espace-mayenne-bleu-1.png\",\"datePublished\":\"2023-03-02T20:04:29+00:00\",\"dateModified\":\"2023-11-20T13:06:56+00:00\",\"inLanguage\":\"en-US\",\"potentialAction\":[{\"@type\":\"ReadAction\",\"target\":[\"https:\/\/recto-vrso.com\/en\/infos-pratiques\/\"]}]},{\"@type\":\"ImageObject\",\"inLanguage\":\"en-US\",\"@id\":\"https:\/\/recto-vrso.com\/en\/infos-pratiques\/#primaryimage\",\"url\":\"https:\/\/laval-virtual.com\/wp-content\/uploads\/2023\/03\/logo-espace-mayenne-bleu-1.png\",\"contentUrl\":\"https:\/\/laval-virtual.com\/wp-content\/uploads\/2023\/03\/logo-espace-mayenne-bleu-1.png\"},{\"@type\":\"WebSite\",\"@id\":\"https:\/\/recto-vrso.com\/#website\",\"url\":\"https:\/\/recto-vrso.com\/\",\"name\":\"Recto VRso\",\"description\":\"\",\"potentialAction\":[{\"@type\":\"SearchAction\",\"target\":{\"@type\":\"EntryPoint\",\"urlTemplate\":\"https:\/\/recto-vrso.com\/?s={search_term_string}\"},\"query-input\":{\"@type\":\"PropertyValueSpecification\",\"valueRequired\":true,\"valueName\":\"search_term_string\"}}],\"inLanguage\":\"en-US\"}]}<\/script>\n<!-- \/ Yoast SEO plugin. -->","yoast_head_json":{"title":"Infos pratiques - Recto VRso","robots":{"index":"index","follow":"follow","max-snippet":"max-snippet:-1","max-image-preview":"max-image-preview:large","max-video-preview":"max-video-preview:-1"},"canonical":"https:\/\/recto-vrso.com\/en\/infos-pratiques\/","og_locale":"en_US","og_type":"article","og_title":"Infos pratiques - Recto VRso","og_description":"Comment se rendre au festival Recto VRso ? La 6e \u00e9dition du festival d&#8217;art num\u00e9rique Recto VRso se d\u00e9roulera \u00e0 l&#8217;Espace Mayenne et au Quarante, situ\u00e9s \u00e0 Laval (France) comme [&hellip;]","og_url":"https:\/\/recto-vrso.com\/en\/infos-pratiques\/","og_site_name":"Recto VRso","article_modified_time":"2023-11-20T13:06:56+00:00","og_image":[{"url":"https:\/\/laval-virtual.com\/wp-content\/uploads\/2023\/03\/logo-espace-mayenne-bleu-1.png","type":"","width":"","height":""}],"twitter_card":"summary_large_image","twitter_misc":{"Est. reading time":"3 minutes"},"schema":{"@context":"https:\/\/schema.org","@graph":[{"@type":"WebPage","@id":"https:\/\/recto-vrso.com\/en\/infos-pratiques\/","url":"https:\/\/recto-vrso.com\/en\/infos-pratiques\/","name":"Infos pratiques - Recto VRso","isPartOf":{"@id":"https:\/\/recto-vrso.com\/#website"},"primaryImageOfPage":{"@id":"https:\/\/recto-vrso.com\/en\/infos-pratiques\/#primaryimage"},"image":{"@id":"https:\/\/recto-vrso.com\/en\/infos-pratiques\/#primaryimage"},"thumbnailUrl":"https:\/\/laval-virtual.com\/wp-content\/uploads\/2023\/03\/logo-espace-mayenne-bleu-1.png","datePublished":"2023-03-02T20:04:29+00:00","dateModified":"2023-11-20T13:06:56+00:00","inLanguage":"en-US","potentialAction":[{"@type":"ReadAction","target":["https:\/\/recto-vrso.com\/en\/infos-pratiques\/"]}]},{"@type":"ImageObject","inLanguage":"en-US","@id":"https:\/\/recto-vrso.com\/en\/infos-pratiques\/#primaryimage","url":"https:\/\/laval-virtual.com\/wp-content\/uploads\/2023\/03\/logo-espace-mayenne-bleu-1.png","contentUrl":"https:\/\/laval-virtual.com\/wp-content\/uploads\/2023\/03\/logo-espace-mayenne-bleu-1.png"},{"@type":"WebSite","@id":"https:\/\/recto-vrso.com\/#website","url":"https:\/\/recto-vrso.com\/","name":"Recto VRso","description":"","potentialAction":[{"@type":"SearchAction","target":{"@type":"EntryPoint","urlTemplate":"https:\/\/recto-vrso.com\/?s={search_term_string}"},"query-input":{"@type":"PropertyValueSpecification","valueRequired":true,"valueName":"search_term_string"}}],"inLanguage":"en-US"}]}},"_links":{"self":[{"href":"https:\/\/recto-vrso.com\/en\/wp-json\/wp\/v2\/pages\/1408","targetHints":{"allow":["GET"]}}],"collection":[{"href":"https:\/\/recto-vrso.com\/en\/wp-json\/wp\/v2\/pages"}],"about":[{"href":"https:\/\/recto-vrso.com\/en\/wp-json\/wp\/v2\/types\/page"}],"author":[{"embeddable":true,"href":"https:\/\/recto-vrso.com\/en\/wp-json\/wp\/v2\/users\/2"}],"replies":[{"embeddable":true,"href":"https:\/\/recto-vrso.com\/en\/wp-json\/wp\/v2\/comments?post=1408"}],"version-history":[{"count":11,"href":"https:\/\/recto-vrso.com\/en\/wp-json\/wp\/v2\/pages\/1408\/revisions"}],"predecessor-version":[{"id":3019,"href":"https:\/\/recto-vrso.com\/en\/wp-json\/wp\/v2\/pages\/1408\/revisions\/3019"}],"wp:attachment":[{"href":"https:\/\/recto-vrso.com\/en\/wp-json\/wp\/v2\/media?parent=1408"}],"curies":[{"name":"wp","href":"https:\/\/api.w.org\/{rel}","templated":true}]}}